{"id":60156,"date":"2023-03-08T10:06:21","date_gmt":"2023-03-08T09:06:21","guid":{"rendered":"https:\/\/aicongress.barcelona\/promotors\/tractinscrip\/"},"modified":"2025-07-15T10:57:25","modified_gmt":"2025-07-15T09:57:25","slug":"tractinscrip","status":"publish","type":"page","link":"https:\/\/aicongress.barcelona\/es\/promotors\/tractinscrip\/","title":{"rendered":"INFORMACI\u00d3N DEL TRATAMIENTO INSCRIPCI\u00d3N AI &#038; BIG DATA CONGRESS"},"content":{"rendered":"<div class=\"wpb-content-wrapper\"><p>[vc_row css=\u00bb.vc_custom_1675254903561{padding-bottom: 15px !important;}\u00bb][vc_column]<div id=\"ultimate-heading-86156a9cf1c07cccf\" class=\"uvc-heading ult-adjust-bottom-margin ultimate-heading-86156a9cf1c07cccf uvc-7130  uvc-heading-default-font-sizes\" data-hspacer=\"no_spacer\"  data-halign=\"center\" style=\"text-align:center\"><div class=\"uvc-heading-spacer no_spacer\" style=\"top\"><\/div><div class=\"uvc-main-heading ult-responsive\"  data-ultimate-target='.uvc-heading.ultimate-heading-86156a9cf1c07cccf h2'  data-responsive-json-new='{\"font-size\":\"\",\"line-height\":\"\"}' ><h2 style=\"font-weight:bold;color:#0066EF;\">POL\u00cdTICA DE PRIVACIDAD<\/h2><\/div><\/div>[\/vc_column][\/vc_row][vc_row][vc_column][vc_column_text css=\u00bb.vc_custom_1679302639681{padding-top: 30px !important;}\u00bb]<\/p>\n<ol>\n<li><strong>Informaci\u00f3n inicial<\/strong><\/li>\n<\/ol>\n<p>FUNDACI\u00d3 EURECAT considera que su informaci\u00f3n personal es muy importante. Por este motivo, la tratamos de una manera confidencial y segura. Nos comprometemos en garantizar la privacidad de los datos personales en todo momento y a no recabar informaci\u00f3n innecesaria.<\/p>\n<p>Para acceder a nuestra web no debe registrarte previamente. En el caso de que necesite m\u00e1s informaci\u00f3n, puede contactar con nosotros a trav\u00e9s del formulario que puedes encontrar en nuestra p\u00e1gina web, siempre y cuando est\u00e9 de acuerdo con nuestra pol\u00edtica de privacidad, la cual deber\u00e1 aceptar para dejar constancia de su consentimiento expreso aceptando el tratamiento de datos con las finalidades indicadas.<\/p>\n<p>De acuerdo con el Reglamento (UE) 2016\/679, de 27 de abril de 2016, relativo a la protecci\u00f3n de las personas f\u00edsicas en lo que respecta al tratamiento de datos personales y a la libre circulaci\u00f3n de estos datos, as\u00ed como con la Ley Org\u00e1nica 3\/2018, de 5 de diciembre, de Protecci\u00f3n de Datos Personales y Garant\u00eda de los Derechos Digitales, le facilitamos la informaci\u00f3n del tratamiento de sus datos a trav\u00e9s de la Presente Pol\u00edtica de Privacidad.<\/p>\n<ol start=\"2\">\n<li><strong>\u00bfQui\u00e9n trata los datos?<\/strong><\/li>\n<\/ol>\n<p><strong>Identidad: <\/strong>FUNDACI\u00d3 EURECAT (\u201c<strong>Eurecat<\/strong>\u201d)<\/p>\n<p><strong>NIF: <\/strong>G66210345<\/p>\n<p><strong>Domicilio: <\/strong>Parc Tecnol\u00f2gic del Vall\u00e8s. Avinguda Universitat Aut\u00f2noma, 23 &#8211; 08290 Cerdanyola del Vall\u00e8s<\/p>\n<p><strong>Correo electr\u00f3nico legal: <\/strong><a href=\"mailto:legal@eurecat.org\">legal@eurecat.org<\/a><\/p>\n<p><strong>Tel\u00e9fono<\/strong>: + 34 93 238 14 00<\/p>\n<ol start=\"3\">\n<li><strong>Delegado de Protecci\u00f3n de Datos<\/strong><\/li>\n<\/ol>\n<p>Contacto del Delegado de Protecci\u00f3n de Datos: <a href=\"mailto:dpo@eurecat.org\">dpo@eurecat.org<\/a><\/p>\n<ol start=\"4\">\n<li><strong><strong>\u00bfQu\u00e9 datos recopilamos, para qu\u00e9 fines, y durante cu\u00e1nto tiempo?<\/strong><\/strong><\/li>\n<\/ol>\n<table width=\"623\">\n<thead>\n<tr>\n<td width=\"127\">TRATAMIENTOS DE DATOS<\/td>\n<td width=\"258\">FINALIDAD Y LEGITIMACI\u00d3N<\/td>\n<td width=\"238\">PERIODO DE CONSERVACI\u00d3N<\/td>\n<\/tr>\n<\/thead>\n<tbody>\n<tr>\n<td width=\"127\">Formulario contacto<\/td>\n<td width=\"258\">Dar respuesta a solicitudes y consultas realizadas por el usuario, siendo la legitimaci\u00f3n del tratamiento el consentimiento expreso de acuerdo con el art. 6.1.a) del RGPD.<\/td>\n<td width=\"238\">Los datos recabados ser\u00e1n conservados durante el tiempo estrictamente necesario para cumplir con la finalidad para la que fueron recabados y, en todo caso, para determinar las posibles responsabilidades que pudieran derivarse de esta finalidad, teniendo en cuenta los per\u00edodos establecidos en la normativa correspondiente<\/td>\n<\/tr>\n<tr>\n<td width=\"127\">Env\u00edo de comunicaciones informativas de la entidad y Newsletter<\/p>\n<p>&nbsp;<\/td>\n<td width=\"258\">Suscripci\u00f3n a informaci\u00f3, promociones y ofertas de la entidad, siendo la legitimaci\u00f3n del tratamiento el consentimiento expreso de acuerdo con el art. 6.1.a) del RPGD<\/td>\n<td width=\"238\">Los datos se conservar\u00e1n mientras dure la suscripci\u00f3n a la Newsletter o hasta que el interesado ejercicio el derecho de oposici\u00f3n o supresi\u00f3n de los datos. En todo caso, se podr\u00e1n conservar para determinar las posibles responsabilidades que pudieran derivarse de esta finalidad<\/td>\n<\/tr>\n<tr>\n<td width=\"127\">Gesti\u00f3n del correo electr\u00f3nico<\/td>\n<td width=\"258\">Dar respuesta a consultas recibidas, as\u00ed como gestionar la relaci\u00f3n comercial o profesional, siendo la base jur\u00eddica relaci\u00f3n contractual entre el Responsable del Tratamiento y el interesado, de acuerdo con el art. 6.1.b) del RGPD<\/td>\n<td width=\"238\">Los datos recabados se conservar\u00e1n durante el tiempo estrictamente necesario para cumplir con la finalidad para la que fueron recabados, y en todo caso para determinar las posibles responsabilidades que pudieran derivarse de esta finalidad, teniendo en cuenta los per\u00edodos establecidos en la normativa correspondiente<\/td>\n<\/tr>\n<tr>\n<td width=\"127\">Actividades, jornadas y eventos<\/td>\n<td width=\"258\">Gestionar la inscripci\u00f3n para participar en actividades, jornadas o eventos, se tratar\u00e1n con la finalidad de gestionar la misma, siendo la legitimaci\u00f3n del tratamiento el consentimiento expreso de acuerdo con el art. 6.1.a) del RPGD<\/td>\n<td width=\"238\">Los datos se conservar\u00e1n durante el tiempo estrictamente necesario para cumplir con la finalidad por la que fueron recabados, y en todo caso para determinar las posibles responsabilidades que pudieran derivarse de esta finalidad, teniendo en cuenta los per\u00edodos establecidos en la normativa correspondiente<\/td>\n<\/tr>\n<\/tbody>\n<\/table>\n<ol start=\"5\">\n<li><strong>\u00bfA qui\u00e9n se comunicar\u00e1n los datos?<\/strong><\/li>\n<\/ol>\n<p>Salvo la sujeci\u00f3n a una normativa que por imperativo legal nos obligue a ceder sus datos personales, o bien nos d\u00e9 su consentimiento expreso, no cederemos sus datos personales a terceros. En el caso de que los datos se cedieran a colaboradores, patrocinadores, etc. de actividades de Eurecat, se solicitar\u00e1 su consentimiento en el momento de la inscripci\u00f3n.<strong>\u00a0<\/strong><\/p>\n<ol start=\"6\">\n<li><strong>\u00bfSe realizan transferencias internacionales de datos?<\/strong><\/li>\n<\/ol>\n<p>No se realizan Transferencia Internacionales de datos a pa\u00edses no miembros de la Uni\u00f3n Europea.<\/p>\n<ol start=\"7\">\n<li><strong>\u00bfQu\u00e9 derechos tienes como usuario y c\u00f3mo puedes ejercerlos?<\/strong><\/li>\n<\/ol>\n<ul>\n<li><strong>Derecho de acceso<\/strong><\/li>\n<\/ul>\n<p>Como usuario, puede pedirnos que le expliquemos qu\u00e9 hacemos con sus datos personales.<\/p>\n<p>Adem\u00e1s, puede solicitarnos informaci\u00f3n sobre la finalidad del tratamiento de sus datos personales, el plazo de tiempo durante el que los conservamos, los derechos que tiene como usuario, su transmisi\u00f3n de los datos a un tercer pa\u00eds o a una organizaci\u00f3n internacional, la existencia de decisiones automatizadas o la elaboraci\u00f3n de perfiles en la web, entre otros.<strong>\u00a0<\/strong><\/p>\n<ul>\n<li><strong>Derecho de rectificaci\u00f3n<\/strong><\/li>\n<\/ul>\n<p>Si los datos personales que ha puesto a nuestra disposici\u00f3n son inexactos o est\u00e1n incompletos, tiene derecho a rectificarlos o a completarlos. P\u00f3ngase en contacto con nosotros y rectificaremos los datos que solicite.<\/p>\n<ul>\n<li><strong>Derecho a la limitaci\u00f3n del tratamiento<\/strong><\/li>\n<\/ul>\n<p>Como usuario puede solicitar la limitaci\u00f3n del tratamiento de sus datos personales cuando:<\/p>\n<ul>\n<li>Impugne la exactitud de tus datos personales, durante un plazo que nos permita verificar su exactitud.<\/li>\n<li>Si el tratamiento es il\u00edcito y Ud. se opone a la supresi\u00f3n de sus datos personales y, en lugar de suprimirlos, solicite que se limite su uso.<\/li>\n<li>Si ya no necesitamos sus datos para las finalidades del tratamiento, pero los necesita para formular, ejercer o defender reclamaciones.<strong>\u00a0<\/strong><\/li>\n<\/ul>\n<ul>\n<li><strong>Derecho de supresi\u00f3n<\/strong><\/li>\n<\/ul>\n<p>Puede solicitar que eliminemos de inmediato sus datos personales. Estamos obligados a eliminarlos datos de manera inmediata, cuando no sean necesarios para los fines recabados. Adem\u00e1s, puede pedirnos que se supriman sus datos, cuando cambie de idea acerca del consentimiento, muestre oposici\u00f3n y no existan motivos justificados para el tratamiento, cuando se traten sus datos de manera incorrecta, cuando se deban suprimir para cumplir con una obligaci\u00f3n legal o cuando los datos se hayan obtenido en relaci\u00f3n con una oferta legal.<\/p>\n<ul>\n<li><strong>Derecho a la informaci\u00f3n<\/strong><\/li>\n<\/ul>\n<p>Si ha ejercido alg\u00fan derecho de rectificaci\u00f3n, supresi\u00f3n o limitaci\u00f3n, estamos obligados a informar a todos los destinatarios a los que se les hayan comunicado sus datos personales sobre esta rectificaci\u00f3n, supresi\u00f3n o limitaci\u00f3n del tratamiento, a no ser que esto resulte imposible o suponga un esfuerzo desproporcionado.<\/p>\n<p>Como usuario tiene derecho a que el responsable le informe sobre qui\u00e9nes son estos destinatarios.<\/p>\n<ul>\n<li><strong>Derecho a la portabilidad de datos<\/strong><\/li>\n<\/ul>\n<p>Tiene derecho a recibir los datos personales que nos ha facilitado en un formato estructurado, de uso com\u00fan y de lectura mec\u00e1nica. Adem\u00e1s, tiene derecho a transmitir estos datos a otro responsable sin que nosotros podamos impedirlo.<\/p>\n<ul>\n<li><strong>Derecho de oposici\u00f3n<\/strong><\/li>\n<\/ul>\n<p>Como usuario tiene derecho a oponerte en cualquier momento, por razones derivadas de su situaci\u00f3n particular, a que utilicemos los datos personales puestos a nuestra disposici\u00f3n.<\/p>\n<p>Dejaremos de tratar sus datos personales a menos que tengamos motivos leg\u00edtimos convincentes para usarlos, que prevalezcan sobre sus intereses, derechos y libertades, o que el tratamiento est\u00e9 destinado a formular, ejercer o defender reclamaciones.<\/p>\n<ul>\n<li><strong>Derecho a revocar la declaraci\u00f3n de consentimiento relativa a la protecci\u00f3n de datos<\/strong><\/li>\n<\/ul>\n<p>Como usuario tiene derecho a cambiar su declaraci\u00f3n de consentimiento relativa a la protecci\u00f3n de datos en cualquier momento. Este cambio de decisi\u00f3n respecto del consentimiento no afectar\u00e1 a la legalidad del tratamiento que tuvo lugar con base en el consentimiento prestado antes de su revocaci\u00f3n.<\/p>\n<ul>\n<li><strong>Decisiones individuales automatizadas, incluida la elaboraci\u00f3n de perfiles<\/strong><\/li>\n<\/ul>\n<p>Tiene derecho a no ser objeto de una decisi\u00f3n basada \u00fanicamente en el tratamiento automatizado, incluida la elaboraci\u00f3n de perfiles, que produzca efectos legales en el usuario o le afecte significativamente de modo similar.<\/p>\n<ul>\n<li><strong>Derecho a presentar una reclamaci\u00f3n ante una autoridad de control<\/strong><\/li>\n<\/ul>\n<p>Como usuario tiene derecho a presentar una reclamaci\u00f3n ante una autoridad de control, en particular en el Estado miembro de tu residencia, lugar de trabajo o lugar de infracci\u00f3n, si considera que el tratamiento de sus datos personales crea una violaci\u00f3n del RGPD.<\/p>\n<ul>\n<li><strong>\u00bfD\u00f3nde puede ejercer tus derechos?<\/strong><\/li>\n<\/ul>\n<p>Puede solicitar el ejercicio de tus derechos en el siguiente correo electr\u00f3nico: <a href=\"mailto:legal@eurecat.org\">legal@eurecat.org<\/a><strong>\u00a0<\/strong><\/p>\n<ol start=\"8\">\n<li><strong>\u00bfEs obligatorio proporcionar toda la informaci\u00f3n solicitada en los formularios de recogida de datos?<\/strong><\/li>\n<\/ol>\n<p>En cuanto a los formularios del Sitio Web, deber\u00e1 cumplimentar los marcados como \u201crequerido\u201d. No completar los datos personales requeridos o hacerlo parcialmente puede suponer que Eurecat no pueda atender sus solicitudes y, en consecuencia, Eurecat quedar\u00e1 exonerada de toda responsabilidad por la no prestaci\u00f3n o la prestaci\u00f3n incompleta de los servicios solicitados.<\/p>\n<p>Los datos personales que el usuario facilita a Eurecat tienen que ser actuales para que la informaci\u00f3n de los registros est\u00e9 actualizada y sin errores. El usuario responder\u00e1 de la veracidad de los datos facilitados.<\/p>\n<ol start=\"9\">\n<li><strong>\u00bfQu\u00e9 medidas de seguridad tenemos implantadas?<\/strong><\/li>\n<\/ol>\n<p>En Eurecat que cuidamos y utilizamos sus datos personales siguiendo la normativa actual en materia de protecci\u00f3n de datos y de los servicios de la sociedad de la informaci\u00f3n.<\/p>\n<p>Tenemos implantadas las medidas de seguridad de \u00edndole t\u00e9cnica y organizativas necesarias que garanticen la seguridad de los datos de car\u00e1cter personal del usuario y eviten su alteraci\u00f3n, p\u00e9rdida, tratamiento y\/o acceso no autorizado de acuerdo con el estado de la tecnolog\u00eda, la naturaleza de los datos almacenados y los riesgos a los que est\u00e1n expuestos, ya provengan de la acci\u00f3n humana o del medio f\u00edsico o natural, en conformidad con el que prev\u00e9 la normativa vigente.[\/vc_column_text][\/vc_column][\/vc_row]<\/p>\n<\/div>","protected":false},"excerpt":{"rendered":"<p>[vc_row css=\u00bb.vc_custom_1675254903561{padding-bottom: 15px !important;}\u00bb][vc_column][\/vc_column][\/vc_row][vc_row][vc_column][vc_column_text css=\u00bb.vc_custom_1679302639681{padding-top: 30px !important;}\u00bb] Informaci\u00f3n inicial FUNDACI\u00d3 EURECAT considera que su informaci\u00f3n personal es muy importante. Por este motivo, la tratamos de una manera confidencial y segura. Nos comprometemos en garantizar la privacidad de los datos personales en todo momento y a no recabar informaci\u00f3n innecesaria. Para acceder a nuestra web no&hellip;<\/p>\n","protected":false},"author":1,"featured_media":0,"parent":59391,"menu_order":30,"comment_status":"closed","ping_status":"closed","template":"","meta":{"footnotes":""},"class_list":["post-60156","page","type-page","status-publish","hentry","description-off"],"yoast_head":"<!-- This site is optimized with the Yoast SEO plugin v28.4 - https:\/\/yoast.com\/product\/yoast-seo-wordpress\/ -->\n<title>INFORMACI\u00d3N DEL TRATAMIENTO INSCRIPCI\u00d3N AI &amp; BIG DATA CONGRESS - AI Congress<\/title>\n<meta name=\"robots\" content=\"index, follow, max-snippet:-1, max-image-preview:large, max-video-preview:-1\" \/>\n<link rel=\"canonical\" href=\"https:\/\/aicongress.barcelona\/es\/promotors\/tractinscrip\/\" \/>\n<meta property=\"og:locale\" content=\"es_ES\" \/>\n<meta property=\"og:type\" content=\"article\" \/>\n<meta property=\"og:title\" content=\"INFORMACI\u00d3N DEL TRATAMIENTO INSCRIPCI\u00d3N AI &amp; BIG DATA CONGRESS - AI Congress\" \/>\n<meta property=\"og:description\" content=\"[vc_row css=\u00bb.vc_custom_1675254903561{padding-bottom: 15px !important;}\u00bb][vc_column][\/vc_column][\/vc_row][vc_row][vc_column][vc_column_text css=\u00bb.vc_custom_1679302639681{padding-top: 30px !important;}\u00bb] Informaci\u00f3n inicial FUNDACI\u00d3 EURECAT considera que su informaci\u00f3n personal es muy importante. Por este motivo, la tratamos de una manera confidencial y segura. Nos comprometemos en garantizar la privacidad de los datos personales en todo momento y a no recabar informaci\u00f3n innecesaria. Para acceder a nuestra web no&hellip;\" \/>\n<meta property=\"og:url\" content=\"https:\/\/aicongress.barcelona\/es\/promotors\/tractinscrip\/\" \/>\n<meta property=\"og:site_name\" content=\"AI Congress\" \/>\n<meta property=\"article:modified_time\" content=\"2025-07-15T09:57:25+00:00\" \/>\n<meta name=\"twitter:card\" content=\"summary_large_image\" \/>\n<meta name=\"twitter:label1\" content=\"Tiempo de lectura\" \/>\n\t<meta name=\"twitter:data1\" content=\"9 minutos\" \/>\n<script type=\"application\/ld+json\" class=\"yoast-schema-graph\">{\"@context\":\"https:\\\/\\\/schema.org\",\"@graph\":[{\"@type\":\"WebPage\",\"@id\":\"https:\\\/\\\/aicongress.barcelona\\\/es\\\/promotors\\\/tractinscrip\\\/\",\"url\":\"https:\\\/\\\/aicongress.barcelona\\\/es\\\/promotors\\\/tractinscrip\\\/\",\"name\":\"INFORMACI\u00d3N DEL TRATAMIENTO INSCRIPCI\u00d3N AI & BIG DATA CONGRESS - AI Congress\",\"isPartOf\":{\"@id\":\"https:\\\/\\\/aicongress.barcelona\\\/en\\\/#website\"},\"datePublished\":\"2023-03-08T09:06:21+00:00\",\"dateModified\":\"2025-07-15T09:57:25+00:00\",\"breadcrumb\":{\"@id\":\"https:\\\/\\\/aicongress.barcelona\\\/es\\\/promotors\\\/tractinscrip\\\/#breadcrumb\"},\"inLanguage\":\"es\",\"potentialAction\":[{\"@type\":\"ReadAction\",\"target\":[\"https:\\\/\\\/aicongress.barcelona\\\/es\\\/promotors\\\/tractinscrip\\\/\"]}]},{\"@type\":\"BreadcrumbList\",\"@id\":\"https:\\\/\\\/aicongress.barcelona\\\/es\\\/promotors\\\/tractinscrip\\\/#breadcrumb\",\"itemListElement\":[{\"@type\":\"ListItem\",\"position\":1,\"name\":\"Home\",\"item\":\"https:\\\/\\\/aicongress.barcelona\\\/es\\\/\"},{\"@type\":\"ListItem\",\"position\":2,\"name\":\"Promotores\",\"item\":\"https:\\\/\\\/aicongress.barcelona\\\/es\\\/promotors\\\/\"},{\"@type\":\"ListItem\",\"position\":3,\"name\":\"INFORMACI\u00d3N DEL TRATAMIENTO INSCRIPCI\u00d3N AI &#038; BIG DATA CONGRESS\"}]},{\"@type\":\"WebSite\",\"@id\":\"https:\\\/\\\/aicongress.barcelona\\\/en\\\/#website\",\"url\":\"https:\\\/\\\/aicongress.barcelona\\\/en\\\/\",\"name\":\"AI Congress\",\"description\":\"\",\"potentialAction\":[{\"@type\":\"SearchAction\",\"target\":{\"@type\":\"EntryPoint\",\"urlTemplate\":\"https:\\\/\\\/aicongress.barcelona\\\/en\\\/?s={search_term_string}\"},\"query-input\":{\"@type\":\"PropertyValueSpecification\",\"valueRequired\":true,\"valueName\":\"search_term_string\"}}],\"inLanguage\":\"es\"}]}<\/script>\n<!-- \/ Yoast SEO plugin. -->","yoast_head_json":{"title":"INFORMACI\u00d3N DEL TRATAMIENTO INSCRIPCI\u00d3N AI & BIG DATA CONGRESS - AI Congress","robots":{"index":"index","follow":"follow","max-snippet":"max-snippet:-1","max-image-preview":"max-image-preview:large","max-video-preview":"max-video-preview:-1"},"canonical":"https:\/\/aicongress.barcelona\/es\/promotors\/tractinscrip\/","og_locale":"es_ES","og_type":"article","og_title":"INFORMACI\u00d3N DEL TRATAMIENTO INSCRIPCI\u00d3N AI & BIG DATA CONGRESS - AI Congress","og_description":"[vc_row css=\u00bb.vc_custom_1675254903561{padding-bottom: 15px !important;}\u00bb][vc_column][\/vc_column][\/vc_row][vc_row][vc_column][vc_column_text css=\u00bb.vc_custom_1679302639681{padding-top: 30px !important;}\u00bb] Informaci\u00f3n inicial FUNDACI\u00d3 EURECAT considera que su informaci\u00f3n personal es muy importante. Por este motivo, la tratamos de una manera confidencial y segura. Nos comprometemos en garantizar la privacidad de los datos personales en todo momento y a no recabar informaci\u00f3n innecesaria. Para acceder a nuestra web no&hellip;","og_url":"https:\/\/aicongress.barcelona\/es\/promotors\/tractinscrip\/","og_site_name":"AI Congress","article_modified_time":"2025-07-15T09:57:25+00:00","twitter_card":"summary_large_image","twitter_misc":{"Tiempo de lectura":"9 minutos"},"schema":{"@context":"https:\/\/schema.org","@graph":[{"@type":"WebPage","@id":"https:\/\/aicongress.barcelona\/es\/promotors\/tractinscrip\/","url":"https:\/\/aicongress.barcelona\/es\/promotors\/tractinscrip\/","name":"INFORMACI\u00d3N DEL TRATAMIENTO INSCRIPCI\u00d3N AI & BIG DATA CONGRESS - AI Congress","isPartOf":{"@id":"https:\/\/aicongress.barcelona\/en\/#website"},"datePublished":"2023-03-08T09:06:21+00:00","dateModified":"2025-07-15T09:57:25+00:00","breadcrumb":{"@id":"https:\/\/aicongress.barcelona\/es\/promotors\/tractinscrip\/#breadcrumb"},"inLanguage":"es","potentialAction":[{"@type":"ReadAction","target":["https:\/\/aicongress.barcelona\/es\/promotors\/tractinscrip\/"]}]},{"@type":"BreadcrumbList","@id":"https:\/\/aicongress.barcelona\/es\/promotors\/tractinscrip\/#breadcrumb","itemListElement":[{"@type":"ListItem","position":1,"name":"Home","item":"https:\/\/aicongress.barcelona\/es\/"},{"@type":"ListItem","position":2,"name":"Promotores","item":"https:\/\/aicongress.barcelona\/es\/promotors\/"},{"@type":"ListItem","position":3,"name":"INFORMACI\u00d3N DEL TRATAMIENTO INSCRIPCI\u00d3N AI &#038; BIG DATA CONGRESS"}]},{"@type":"WebSite","@id":"https:\/\/aicongress.barcelona\/en\/#website","url":"https:\/\/aicongress.barcelona\/en\/","name":"AI Congress","description":"","potentialAction":[{"@type":"SearchAction","target":{"@type":"EntryPoint","urlTemplate":"https:\/\/aicongress.barcelona\/en\/?s={search_term_string}"},"query-input":{"@type":"PropertyValueSpecification","valueRequired":true,"valueName":"search_term_string"}}],"inLanguage":"es"}]}},"_links":{"self":[{"href":"https:\/\/aicongress.barcelona\/es\/wp-json\/wp\/v2\/pages\/60156","targetHints":{"allow":["GET"]}}],"collection":[{"href":"https:\/\/aicongress.barcelona\/es\/wp-json\/wp\/v2\/pages"}],"about":[{"href":"https:\/\/aicongress.barcelona\/es\/wp-json\/wp\/v2\/types\/page"}],"author":[{"embeddable":true,"href":"https:\/\/aicongress.barcelona\/es\/wp-json\/wp\/v2\/users\/1"}],"replies":[{"embeddable":true,"href":"https:\/\/aicongress.barcelona\/es\/wp-json\/wp\/v2\/comments?post=60156"}],"version-history":[{"count":2,"href":"https:\/\/aicongress.barcelona\/es\/wp-json\/wp\/v2\/pages\/60156\/revisions"}],"predecessor-version":[{"id":69454,"href":"https:\/\/aicongress.barcelona\/es\/wp-json\/wp\/v2\/pages\/60156\/revisions\/69454"}],"up":[{"embeddable":true,"href":"https:\/\/aicongress.barcelona\/es\/wp-json\/wp\/v2\/pages\/59391"}],"wp:attachment":[{"href":"https:\/\/aicongress.barcelona\/es\/wp-json\/wp\/v2\/media?parent=60156"}],"curies":[{"name":"wp","href":"https:\/\/api.w.org\/{rel}","templated":true}]}}